{"id":1252,"date":"2025-05-13T16:57:48","date_gmt":"2025-05-13T14:57:48","guid":{"rendered":"https:\/\/www.toucheb.com\/?page_id=1252"},"modified":"2026-08-04T11:43:53","modified_gmt":"2026-08-04T09:43:53","slug":"accompagnement-individuel","status":"publish","type":"page","link":"https:\/\/www.toucheb.com\/index.php\/accompagnement-individuel\/","title":{"rendered":"Coaching syst\u00e9mique"},"content":{"rendered":"\n<p class=\"wp-block-paragraph\"><\/p>\n\n\n\n<h2 class=\"wp-block-heading has-luminous-vivid-amber-color has-text-color has-link-color has-large-font-size wp-elements-1\"><strong>Tracer son chemin, gagner en confiance, prendre les bonnes d\u00e9cisions.<\/strong><\/h2>\n\n\n\n<figure class=\"wp-block-pullquote has-black-color has-text-color has-link-color has-medium-font-size wp-elements-2\" style=\"border-width:6px;border-top-left-radius:158px;border-top-right-radius:158px;border-bottom-left-radius:158px;border-bottom-right-radius:158px\"><blockquote><p><strong>Le coaching syst\u00e9mique offre un cadre s\u00e9curisant pour traverser des situations complexes, d\u00e9passer des blocages, renforcer la confiance en soi et apprivoiser ses peurs.<\/strong><\/p><\/blockquote><\/figure>\n\n\n\n<p class=\"has-black-color has-text-color has-link-color has-medium-font-size wp-elements-3 wp-block-paragraph\"><\/p>\n\n\n\n<p class=\"wp-block-paragraph\"><\/p>\n\n\n\n<blockquote class=\"wp-block-quote is-layout-flow wp-block-quote-is-layout-flow\">\n<p class=\"has-black-color has-text-color has-medium-font-size wp-block-paragraph\"><strong>Je vous propose un espace d\u2019accompagnement individuel sur mesure, bienveillant et respectueux, con\u00e7u pour vous permettre de vous d\u00e9ployer pleinement.<\/strong> <strong>Au fil des s\u00e9ances, vous gagnez en clart\u00e9, en discernement et en s\u00e9r\u00e9nit\u00e9. Le coaching syst\u00e9mique favorise des prises de conscience concr\u00e8tes et durables, vous permettant d\u2019avancer vers l\u2019avenir avec davantage d\u2019assurance, de libert\u00e9 et d\u2019alignement.<\/strong><\/p>\n<\/blockquote>\n\n\n\n<p class=\"wp-block-paragraph\"><\/p>\n\n\n\n<h2 class=\"wp-block-heading has-black-color has-cyan-bluish-gray-background-color has-text-color has-background has-link-color has-medium-font-size wp-elements-4\"><strong>Les t\u00e9moignages <\/strong><\/h2>\n\n\n\n<p class=\"has-black-color has-text-color has-link-color has-medium-font-size wp-elements-5 wp-block-paragraph\">\u00ab\u00a0J&rsquo;ai gagn\u00e9 en confiance et en efficacit\u00e9 par rapport \u00e0 des choses que je devais r\u00e9aliser\u00a0\u00bb<\/p>\n\n\n\n<p class=\"has-black-color has-text-color has-link-color has-medium-font-size wp-elements-6 wp-block-paragraph\">\u00ab\u00a0Ces s\u00e9ances m&rsquo;ont permis de clarifier une situation difficile et d&rsquo;identifier des pistes concr\u00e8tes pour avancer. Un grand merci\u00a0\u00bb.<\/p>\n\n\n\n<p class=\"has-black-color has-text-color has-link-color has-medium-font-size wp-elements-7 wp-block-paragraph\">\u00ab\u00a0Une parenth\u00e8se dans mon quotidien, un temps de focus tr\u00e8s dense et qui cr\u00e9e de l&rsquo;espace pour avancer concr\u00e8tement\u00a0\u00bb <\/p>\n\n\n\n<p class=\"has-black-color has-text-color has-link-color has-medium-font-size wp-elements-8 wp-block-paragraph\">\u00ab\u00a0Ces s\u00e9ances ont permis de faire un pas de c\u00f4t\u00e9 sur ma vie et d&rsquo;en faire \u00e9merger des d\u00e9sirs profonds qu&rsquo;on ne peut regarder sans y avoir \u00e9t\u00e9 invit\u00e9\u00a0\u00bb<\/p>\n\n\n\n<p class=\"has-black-color has-text-color has-link-color has-medium-font-size wp-elements-9 wp-block-paragraph\">\u00ab\u00a0Ces  s\u00e9ances m&rsquo;ont permis de prendre du temps pour moi et pour poser des mots sur un quotidien trop speed; de prendre de la distance pour mieux appr\u00e9hender le caillou dans ma chaussure; un \u00e9change authentique pour b\u00e2tir un chemin de solutions\u00a0\u00bb<\/p>\n\n\n\n<p class=\"has-black-color has-text-color has-link-color has-medium-font-size wp-elements-10 wp-block-paragraph\"> \u00ab\u00a0Prendre du recul sur la situation, me motiver, renforcer mon envie d&rsquo;avancer, poser des jalons pour avancer \u00a0\u00bb <\/p>\n\n\n\n<p class=\"has-black-color has-text-color has-link-color has-medium-font-size wp-elements-11 wp-block-paragraph\">\u00ab\u00a0Plus de s\u00e9r\u00e9nit\u00e9 par rapport \u00e0 des t\u00e2ches nouvelles qui pouvaient me stresser, ou occuper mes pens\u00e9es\u00a0\u00bb<\/p>\n\n\n\n<p class=\"has-black-color has-text-color has-link-color has-medium-font-size wp-elements-12 wp-block-paragraph\"> \u00ab\u00a0Un temps de pause pour regarder o\u00f9 j&rsquo;en suis et avancer plus sereinement vers ce que je souhaite vraiment\u00a0\u00bb. <\/p>\n\n\n\n<p class=\"has-black-color has-text-color has-link-color has-medium-font-size wp-elements-13 wp-block-paragraph\">\u00ab\u00a0J&rsquo;ai gagn\u00e9 en assurance de l&rsquo;importance de ces sujets pour moi\u00a0\u00bb <\/p>\n\n\n\n<p class=\"has-black-color has-text-color has-link-color has-medium-font-size wp-elements-14 wp-block-paragraph\">\u00ab\u00a0J&rsquo;ai chemin\u00e9 par rapport \u00e0 mon positionnement dans un syst\u00e8me. Cela m&rsquo;a permis de gagner en clart\u00e9 sur ce que je souhaite, pourquoi j&rsquo;agis ou n&rsquo;agis pas, les issues possibles, \u00e0 l&rsquo;instant T. La r\u00e9alit\u00e9 est certainement complexe, impossible \u00e0 saisir d&rsquo;un seul point de vue. Mais du mien, l\u00e0 maintenant, qu&rsquo;est-ce que je peux faire comme prochain pas sans que \u00e7a me co\u00fbte\u00a0\u00bb<\/p>\n\n\n\n<p class=\"has-black-color has-text-color has-link-color has-medium-font-size wp-elements-15 wp-block-paragraph\"> \u00ab\u00a0J&rsquo;ai plus de clart\u00e9 sur ce qui se joue en moi\u00a0\u00bb <\/p>\n\n\n\n<p class=\"has-black-color has-text-color has-link-color has-medium-font-size wp-elements-16 wp-block-paragraph\">\u00ab\u00a0J&rsquo;ai pu clarifier ma position vis-\u00e0-vis d&rsquo;un collaborateur, et je me sens plus confiante pour lui faire des demandes concr\u00e8tes\u00a0\u00bb<\/p>\n\n\n\n<p class=\"wp-block-paragraph\"><\/p>\n\n\n\n<p class=\"has-black-color has-text-color has-link-color has-medium-font-size wp-elements-17 wp-block-paragraph\">\u00ab\u00a0Ces s\u00e9ances m&rsquo;ont offertes un nouveau regard et permis de prendre du recul, de donner forme \u00e0 des ressentis et confirmer des orientations que j&rsquo;avais en t\u00eate\u00a0\u00bb<\/p>\n\n\n\n<p class=\"wp-block-paragraph\"><\/p>\n\n\n\n<p class=\"has-black-color has-text-color has-link-color has-medium-font-size wp-elements-18 wp-block-paragraph\">\u00ab\u00a0j&rsquo;ai pu clarifier mes questionnements et identifier des pistes d&rsquo;actions\u00a0\u00bb<\/p>\n\n\n\n<p class=\"wp-block-paragraph\"><\/p>\n\n\n\n<p class=\"wp-block-paragraph\"><\/p>\n\n\n\n<p class=\"wp-block-paragraph\"><\/p>\n\n\n\n<h2 class=\"wp-block-heading has-text-align-left has-black-color has-cyan-bluish-gray-background-color has-text-color has-background has-link-color has-medium-font-size wp-elements-19\"><strong>Comment se passe les s\u00e9ances  ?<\/strong><\/h2>\n\n\n\n<p class=\"wp-block-paragraph\"><\/p>\n\n\n\n<p class=\"has-black-color has-text-color has-link-color has-medium-font-size wp-elements-20 wp-block-paragraph\">\u00ab\u00a0Je me suis sentie privil\u00e9gi\u00e9e d&rsquo;\u00eatre aussi bien \u00e9cout\u00e9e\u00a0\u00bb<\/p>\n\n\n\n<p class=\"has-black-color has-text-color has-link-color has-medium-font-size wp-elements-21 wp-block-paragraph\"> \u00ab\u00a0Tranquille, concentr\u00e9, enjou\u00e9\u00a0\u00bb <\/p>\n\n\n\n<p class=\"has-black-color has-text-color has-link-color has-medium-font-size wp-elements-22 wp-block-paragraph\"> \u00ab\u00a0Je me suis senti \u00e0 l&rsquo;aise et en confiance\u00a0\u00bb <\/p>\n\n\n\n<p class=\"has-black-color has-text-color has-link-color has-medium-font-size wp-elements-23 wp-block-paragraph\"> \u00ab\u00a0Je me suis sentie \u00e9cout\u00e9e et comprise\u00a0\u00bb <\/p>\n\n\n\n<p class=\"has-black-color has-text-color has-link-color has-medium-font-size wp-elements-24 wp-block-paragraph\"> \u00ab\u00a0Une grande qualit\u00e9 d&rsquo;\u00e9coute et un accompagnement tr\u00e8s pro\u00a0\u00bb<\/p>\n\n\n\n<p class=\"has-black-color has-text-color has-link-color has-medium-font-size wp-elements-25 wp-block-paragraph\"> \u00ab\u00a0Cela me confirme la n\u00e9cessit\u00e9 de trouver des cadres de confiance pour faire un pas de c\u00f4t\u00e9 et prendre un temps n\u00e9cessaire. Avec toi je me suis sentie \u00e9cout\u00e9e et non jug\u00e9e\u00a0\u00bb <\/p>\n\n\n\n<p class=\"has-black-color has-text-color has-link-color has-medium-font-size wp-elements-26 wp-block-paragraph\"> \u00ab\u00a0Cadr\u00e9, en confiance, accueilli sans jugement\u00a0\u00bb <\/p>\n\n\n\n<p class=\"has-black-color has-text-color has-link-color has-medium-font-size wp-elements-27 wp-block-paragraph\"> \u00ab\u00a0Sereine, confortable, en confiance, soutenue, en coh\u00e9rence en terme de valeurs, hyper privil\u00e9gi\u00e9e d&rsquo;avoir ce moment, comme dans un petit cocon\u00a0\u00bb <\/p>\n\n\n\n<p class=\"has-black-color has-text-color has-link-color has-medium-font-size wp-elements-28 wp-block-paragraph\">\u00ab\u00a0En confiance, \u00e9cout\u00e9\u00a0\u00bb <\/p>\n\n\n\n<p class=\"has-black-color has-text-color has-link-color has-medium-font-size wp-elements-29 wp-block-paragraph\">\u00ab\u00a0Tr\u00e8s \u00e0 l&rsquo;aise. En confiance. \u00c9cout\u00e9e et cadr\u00e9e\u00a0\u00bb <\/p>\n\n\n\n<p class=\"has-black-color has-text-color has-link-color has-medium-font-size wp-elements-30 wp-block-paragraph\">\u00ab\u00a0Tr\u00e8s \u00e0 l&rsquo;aise. J&rsquo;ai senti de l&rsquo;accueil, pas de jugement, et une certaine forme d&rsquo;\u00e9quivalence dans le sens o\u00f9 tu n&rsquo;\u00e9tais pas en surplomb. De l&rsquo;humilit\u00e9 y compris dans les r\u00e9sonances que tu exprimais par rapport \u00e0 ta propre exp\u00e9rience, tout en prenant soin de ne pas imposer de vision et de me laisser souveraine\u00a0\u00bb.<\/p>\n\n\n\n<p class=\"wp-block-paragraph\"><\/p>\n\n\n\n<p class=\"has-black-color has-text-color has-link-color has-medium-font-size wp-elements-31 wp-block-paragraph\">\u00ab\u00a0En confiance. Ton calme est communicatif.\u00a0\u00bb<\/p>\n\n\n\n<p class=\"has-black-color has-text-color has-link-color has-medium-font-size wp-elements-32 wp-block-paragraph\"><\/p>\n\n\n\n<p class=\"has-black-color has-text-color has-link-color has-medium-font-size wp-elements-33 wp-block-paragraph\">\u00ab\u00a0A l&rsquo;aise, en confiance\u00a0\u00bb<\/p>\n\n\n\n<p class=\"has-black-color has-text-color has-link-color has-medium-font-size wp-elements-34 wp-block-paragraph\"><\/p>\n\n\n\n<h2 class=\"wp-block-heading has-black-color has-luminous-vivid-amber-background-color has-text-color has-background has-link-color has-medium-font-size wp-elements-35\"><strong>\u00c9clairage sur le coaching syst\u00e9mique : <\/strong><\/h2>\n\n\n\n<p class=\"wp-block-paragraph\"><\/p>\n\n\n\n<p class=\"has-black-color has-text-color has-link-color has-medium-font-size wp-elements-36 wp-block-paragraph\"><strong>1- Principe de syst\u00e8me <\/strong>: Le coaching syst\u00e9mique repose sur l&rsquo;id\u00e9e que chaque personne fait partie d&rsquo;un ensemble plus vaste, comme une famille, une \u00e9quipe ou une organisation. Les interactions et les dynamiques au sein de ces syst\u00e8mes influencent le comportement et le d\u00e9veloppement personnel.<\/p>\n\n\n\n<p class=\"wp-block-paragraph\"><\/p>\n\n\n\n<p class=\"has-black-color has-text-color has-link-color has-medium-font-size wp-elements-37 wp-block-paragraph\"><strong>2-<\/strong> <strong>Vision holistique<\/strong> : Contrairement \u00e0 d&rsquo;autres formes de coaching qui peuvent se concentrer uniquement sur l&rsquo;individu, le coaching syst\u00e9mique prend en compte les relations et les influences externes. Cela permet d&rsquo;identifier les sch\u00e9mas de comportement et les blocages qui peuvent \u00e9merger des interactions avec les autres.<\/p>\n\n\n\n<p class=\"wp-block-paragraph\"><\/p>\n\n\n\n<p class=\"has-black-color has-text-color has-link-color has-medium-font-size wp-elements-38 wp-block-paragraph\"><strong>3- Objectifs<\/strong> : Le coaching syst\u00e9mique vise \u00e0 aider le client \u00e0 mieux comprendre sa place dans son syst\u00e8me, \u00e0 am\u00e9liorer ses relations et \u00e0 d\u00e9velopper des solutions qui tiennent compte des diff\u00e9rents acteurs et enjeux en pr\u00e9sence.<\/p>\n\n\n\n<p class=\"wp-block-paragraph\"><\/p>\n\n\n\n<p class=\"has-black-color has-text-color has-link-color has-medium-font-size wp-elements-39 wp-block-paragraph\"><strong>4- R\u00e9sultats<\/strong> : Les clients peuvent s&rsquo;attendre \u00e0 un meilleur \u00e9quilibre \u00e9motionnel, une communication am\u00e9lior\u00e9e, et des solutions plus durables \u00e0 leurs probl\u00e8mes.<\/p>\n\n\n\n<p class=\"wp-block-paragraph\"><\/p>\n\n\n\n<p class=\"wp-block-paragraph\"><\/p>\n\n\n\n<blockquote class=\"wp-block-quote is-layout-flow wp-block-quote-is-layout-flow\">\n<p class=\"has-black-color has-luminous-vivid-amber-background-color has-text-color has-background has-link-color has-medium-font-size wp-elements-40 wp-block-paragraph\"><strong>Pour qui&nbsp;?<\/strong> Des entreprises, des associations, des collectivit\u00e9s et \/ ou des particuliers qui veulent avancer sans en informer forc\u00e9ment leur organisation : Encadrement; Nouveaux enjeux; Prise de poste; \u00c9quipe ou personne politique; Entrepreneur\u00b7es en cr\u00e9ation ou en d\u00e9veloppement&nbsp;; Personnes en recherche de mobilit\u00e9 professionnelle et\/ ou recherche d&#8217;emploi, &#8230;.<\/p>\n<\/blockquote>\n\n\n\n<p class=\"wp-block-paragraph\"><\/p>\n\n\n\n<p class=\"has-black-color has-text-color has-link-color has-medium-font-size wp-elements-41 wp-block-paragraph\"><strong>Exemples de sujets trait\u00e9s en Coaching :<\/strong> Difficult\u00e9 \/ ou Nouveaux enjeux; Situation de blocage; Zone de Flou professionnel; Stress; Tensions dans l&rsquo;\u00e9quipe manager ou entre coll\u00e8gues ou avec la gouvernance; Besoin de soutien dans sa fonction; Besoin d&rsquo;accompagnement dans la cr\u00e9ation ou le d\u00e9veloppement de son entreprise ; Besoin d&rsquo;accompagnement dans sa recherche d&#8217;emploi, Soutien \u00e0 la prise de d\u00e9cision,&#8230;&#8230;<\/p>\n\n\n\n<p class=\"wp-block-paragraph\"><\/p>\n\n\n\n<p class=\"has-black-color has-text-color has-link-color has-medium-font-size wp-elements-42 wp-block-paragraph\"><strong>Modalit\u00e9s : <\/strong>En distanciel ou en pr\u00e9sentiel <\/p>\n\n\n\n<p class=\"wp-block-paragraph\"><\/p>\n\n\n\n<p class=\"has-black-color has-text-color has-link-color has-medium-font-size wp-elements-43 wp-block-paragraph\"><strong>Contrat :<\/strong> Chaque coaching est encadr\u00e9 par un <strong>contrat <\/strong>qui permet de d\u00e9finir le r\u00e9sultat attendu; le temps; le co\u00fbt* et les modalit\u00e9s de l\u2019accompagnement.<\/p>\n\n\n\n<p class=\"has-black-color has-cyan-bluish-gray-background-color has-text-color has-background has-link-color has-medium-font-size wp-elements-44 wp-block-paragraph\"><em>*La coach s&rsquo;engage \u00e0 proposer un <strong>tarif solidaire<\/strong> pour les particuliers ayant peu de moyens financiers. Le cout ne doit pas \u00eatre un frein pour b\u00e9n\u00e9ficier de cet accompagnement. Contacter directement la coach : 06 08 24 48 86.<\/em><\/p>\n\n\n\n<p class=\"wp-block-paragraph\"><\/p>\n\n\n\n<p class=\"has-black-color has-luminous-vivid-amber-background-color has-text-color has-background has-link-color has-medium-font-size wp-elements-45 wp-block-paragraph\"><strong>Engagement d\u00e9ontologique<\/strong> : La Coach s\u2019engage \u00e0 respecter le code de d\u00e9ontologie de l\u2019ICF (International Coaching Federation), consultable sur le site <a href=\"https:\/\/www.coachfederation.fr\/code-deontologique\/\">https:\/\/www.coachfederation.fr\/code-deontologique\/<\/a><\/p>\n\n\n\n<p class=\"has-black-color has-text-color has-link-color wp-elements-46 wp-block-paragraph\">&nbsp;<\/p>\n\n\n\n<h2 class=\"wp-block-heading has-black-color has-text-color has-link-color has-medium-font-size wp-elements-47\"><strong>La Coach s\u2019engage plus sp\u00e9cifiquement \u00e0 :<\/strong><\/h2>\n\n\n\n<ul class=\"wp-block-list\">\n<li class=\"has-black-color has-text-color has-link-color has-medium-font-size wp-elements-48\">Fournir un accompagnement professionnel, bienveillant et non jugeant.<\/li>\n\n\n\n<li class=\"has-black-color has-text-color has-link-color has-medium-font-size wp-elements-49\">Respecter la confidentialit\u00e9 des \u00e9changes.<\/li>\n\n\n\n<li class=\"has-black-color has-text-color has-link-color has-medium-font-size wp-elements-50\">Utiliser les outils et m\u00e9thodes de coaching adapt\u00e9s aux besoins du client.<\/li>\n\n\n\n<li class=\"has-black-color has-text-color has-link-color has-medium-font-size wp-elements-51\">Favoriser l\u2019autonomie et la responsabilit\u00e9 du client.<\/li>\n\n\n\n<li class=\"has-black-color has-text-color has-link-color has-medium-font-size wp-elements-52\">Maintenir une fronti\u00e8re claire entre coaching, conseil, formation, psychoth\u00e9rapie et autres disciplines, et \u00e0 orienter le client vers un autre professionnel lorsque la demande sort du champ du coaching.<\/li>\n\n\n\n<li class=\"has-black-color has-text-color has-link-color has-medium-font-size wp-elements-53\">Se former r\u00e9guli\u00e8rement et recourir \u00e0 la supervision professionnelle pour questionner sa pratique, en particulier en cas de situations complexes ou de dilemmes \u00e9thiques.<\/li>\n<\/ul>\n\n\n\n<p class=\"wp-block-paragraph\"><\/p>\n\n\n\n<figure class=\"wp-block-image size-large\"><img loading=\"lazy\" decoding=\"async\" width=\"1024\" height=\"768\" src=\"https:\/\/www.toucheb.com\/wp-content\/uploads\/2026\/03\/IMG-20240623-WA0039-1024x768.jpg\" alt=\"\" class=\"wp-image-1848\" srcset=\"https:\/\/www.toucheb.com\/wp-content\/uploads\/2026\/03\/IMG-20240623-WA0039-1024x768.jpg 1024w, https:\/\/www.toucheb.com\/wp-content\/uploads\/2026\/03\/IMG-20240623-WA0039-300x225.jpg 300w, https:\/\/www.toucheb.com\/wp-content\/uploads\/2026\/03\/IMG-20240623-WA0039-768x576.jpg 768w, https:\/\/www.toucheb.com\/wp-content\/uploads\/2026\/03\/IMG-20240623-WA0039-1536x1152.jpg 1536w, https:\/\/www.toucheb.com\/wp-content\/uploads\/2026\/03\/IMG-20240623-WA0039-1440x1080.jpg 1440w, https:\/\/www.toucheb.com\/wp-content\/uploads\/2026\/03\/IMG-20240623-WA0039.jpg 1600w\" sizes=\"auto, (max-width: 1024px) 100vw, 1024px\" \/><\/figure>\n\n\n\n<p class=\"has-black-color has-cyan-bluish-gray-background-color has-text-color has-background has-link-color has-medium-font-size wp-elements-54 wp-block-paragraph\"><strong>Prendre rendez-vous : marinabouchet@toucheb.com ou par t\u00e9l\u00e9phone 06 08 24 48 86.<\/strong><\/p>\n\n\n\n<p class=\"wp-block-paragraph\"><\/p>\n","protected":false},"excerpt":{"rendered":"<p>Tracer son chemin, gagner en confiance, prendre les bonnes d\u00e9cisions. Le coaching syst\u00e9mique offre un cadre s\u00e9curisant pour traverser des situations complexes, d\u00e9passer des blocages, renforcer la confiance en soi et apprivoiser ses peurs. Je vous propose un espace d\u2019accompagnement individuel sur mesure, bienveillant et respectueux, con\u00e7u pour vous permettre de vous d\u00e9ployer pleinement. Au&hellip; <br \/> <a class=\"read-more\" href=\"https:\/\/www.toucheb.com\/index.php\/accompagnement-individuel\/\">Lire la suite<\/a><\/p>\n","protected":false},"author":1,"featured_media":1536,"parent":0,"menu_order":0,"comment_status":"closed","ping_status":"closed","template":"","meta":{"footnotes":""},"class_list":["post-1252","page","type-page","status-publish","has-post-thumbnail","hentry"],"yoast_head":"<!-- This site is optimized with the Yoast SEO plugin v28.3 - https:\/\/yoast.com\/product\/yoast-seo-wordpress\/ -->\n<title>Coaching syst\u00e9mique - Conseil; Facilitation et Formation<\/title>\n<meta name=\"robots\" content=\"index, follow, max-snippet:-1, max-image-preview:large, max-video-preview:-1\" \/>\n<link rel=\"canonical\" href=\"https:\/\/www.toucheb.com\/index.php\/accompagnement-individuel\/\" \/>\n<meta property=\"og:locale\" content=\"fr_FR\" \/>\n<meta property=\"og:type\" content=\"article\" \/>\n<meta property=\"og:title\" content=\"Coaching syst\u00e9mique - Conseil; Facilitation et Formation\" \/>\n<meta property=\"og:description\" content=\"Tracer son chemin, gagner en confiance, prendre les bonnes d\u00e9cisions. Le coaching syst\u00e9mique offre un cadre s\u00e9curisant pour traverser des situations complexes, d\u00e9passer des blocages, renforcer la confiance en soi et apprivoiser ses peurs. Je vous propose un espace d\u2019accompagnement individuel sur mesure, bienveillant et respectueux, con\u00e7u pour vous permettre de vous d\u00e9ployer pleinement. Au&hellip; Lire la suite\" \/>\n<meta property=\"og:url\" content=\"https:\/\/www.toucheb.com\/index.php\/accompagnement-individuel\/\" \/>\n<meta property=\"og:site_name\" content=\"Conseil; Facilitation et Formation\" \/>\n<meta property=\"article:publisher\" content=\"https:\/\/www.facebook.com\/ToucheB.MarinaBouchet\/\" \/>\n<meta property=\"article:modified_time\" content=\"2026-08-04T09:43:53+00:00\" \/>\n<meta property=\"og:image\" content=\"https:\/\/www.toucheb.com\/wp-content\/uploads\/2025\/10\/P1179632.jpg\" \/>\n\t<meta property=\"og:image:width\" content=\"2304\" \/>\n\t<meta property=\"og:image:height\" content=\"1536\" \/>\n\t<meta property=\"og:image:type\" content=\"image\/jpeg\" \/>\n<meta name=\"twitter:card\" content=\"summary_large_image\" \/>\n<meta name=\"twitter:label1\" content=\"Dur\u00e9e de lecture estim\u00e9e\" \/>\n\t<meta name=\"twitter:data1\" content=\"6 minutes\" \/>\n<script type=\"application\/ld+json\" class=\"yoast-schema-graph\">{\"@context\":\"https:\\\/\\\/schema.org\",\"@graph\":[{\"@type\":\"WebPage\",\"@id\":\"https:\\\/\\\/www.toucheb.com\\\/index.php\\\/accompagnement-individuel\\\/\",\"url\":\"https:\\\/\\\/www.toucheb.com\\\/index.php\\\/accompagnement-individuel\\\/\",\"name\":\"Coaching syst\u00e9mique - Conseil; Facilitation et Formation\",\"isPartOf\":{\"@id\":\"https:\\\/\\\/www.toucheb.com\\\/#website\"},\"primaryImageOfPage\":{\"@id\":\"https:\\\/\\\/www.toucheb.com\\\/index.php\\\/accompagnement-individuel\\\/#primaryimage\"},\"image\":{\"@id\":\"https:\\\/\\\/www.toucheb.com\\\/index.php\\\/accompagnement-individuel\\\/#primaryimage\"},\"thumbnailUrl\":\"https:\\\/\\\/www.toucheb.com\\\/wp-content\\\/uploads\\\/2025\\\/10\\\/P1179632.jpg\",\"datePublished\":\"2025-05-13T14:57:48+00:00\",\"dateModified\":\"2026-08-04T09:43:53+00:00\",\"breadcrumb\":{\"@id\":\"https:\\\/\\\/www.toucheb.com\\\/index.php\\\/accompagnement-individuel\\\/#breadcrumb\"},\"inLanguage\":\"fr-FR\",\"potentialAction\":[{\"@type\":\"ReadAction\",\"target\":[\"https:\\\/\\\/www.toucheb.com\\\/index.php\\\/accompagnement-individuel\\\/\"]}]},{\"@type\":\"ImageObject\",\"inLanguage\":\"fr-FR\",\"@id\":\"https:\\\/\\\/www.toucheb.com\\\/index.php\\\/accompagnement-individuel\\\/#primaryimage\",\"url\":\"https:\\\/\\\/www.toucheb.com\\\/wp-content\\\/uploads\\\/2025\\\/10\\\/P1179632.jpg\",\"contentUrl\":\"https:\\\/\\\/www.toucheb.com\\\/wp-content\\\/uploads\\\/2025\\\/10\\\/P1179632.jpg\",\"width\":2304,\"height\":1536},{\"@type\":\"BreadcrumbList\",\"@id\":\"https:\\\/\\\/www.toucheb.com\\\/index.php\\\/accompagnement-individuel\\\/#breadcrumb\",\"itemListElement\":[{\"@type\":\"ListItem\",\"position\":1,\"name\":\"Accueil\",\"item\":\"https:\\\/\\\/www.toucheb.com\\\/\"},{\"@type\":\"ListItem\",\"position\":2,\"name\":\"Coaching syst\u00e9mique\"}]},{\"@type\":\"WebSite\",\"@id\":\"https:\\\/\\\/www.toucheb.com\\\/#website\",\"url\":\"https:\\\/\\\/www.toucheb.com\\\/\",\"name\":\"Organisme de formation et Conseil en Organisation\",\"description\":\"Prenez le temps de d\u00e9velopper vos talents\",\"publisher\":{\"@id\":\"https:\\\/\\\/www.toucheb.com\\\/#organization\"},\"potentialAction\":[{\"@type\":\"SearchAction\",\"target\":{\"@type\":\"EntryPoint\",\"urlTemplate\":\"https:\\\/\\\/www.toucheb.com\\\/?s={search_term_string}\"},\"query-input\":{\"@type\":\"PropertyValueSpecification\",\"valueRequired\":true,\"valueName\":\"search_term_string\"}}],\"inLanguage\":\"fr-FR\"},{\"@type\":\"Organization\",\"@id\":\"https:\\\/\\\/www.toucheb.com\\\/#organization\",\"name\":\"TOUCHE B Consulting\",\"url\":\"https:\\\/\\\/www.toucheb.com\\\/\",\"logo\":{\"@type\":\"ImageObject\",\"inLanguage\":\"fr-FR\",\"@id\":\"https:\\\/\\\/www.toucheb.com\\\/#\\\/schema\\\/logo\\\/image\\\/\",\"url\":\"https:\\\/\\\/www.toucheb.com\\\/wp-content\\\/uploads\\\/2019\\\/07\\\/cropped-Logo_touche-B_RVB-3.jpg\",\"contentUrl\":\"https:\\\/\\\/www.toucheb.com\\\/wp-content\\\/uploads\\\/2019\\\/07\\\/cropped-Logo_touche-B_RVB-3.jpg\",\"width\":604,\"height\":202,\"caption\":\"TOUCHE B Consulting\"},\"image\":{\"@id\":\"https:\\\/\\\/www.toucheb.com\\\/#\\\/schema\\\/logo\\\/image\\\/\"},\"sameAs\":[\"https:\\\/\\\/www.facebook.com\\\/ToucheB.MarinaBouchet\\\/\"]}]}<\/script>\n<!-- \/ Yoast SEO plugin. -->","yoast_head_json":{"title":"Coaching syst\u00e9mique - Conseil; Facilitation et Formation","robots":{"index":"index","follow":"follow","max-snippet":"max-snippet:-1","max-image-preview":"max-image-preview:large","max-video-preview":"max-video-preview:-1"},"canonical":"https:\/\/www.toucheb.com\/index.php\/accompagnement-individuel\/","og_locale":"fr_FR","og_type":"article","og_title":"Coaching syst\u00e9mique - Conseil; Facilitation et Formation","og_description":"Tracer son chemin, gagner en confiance, prendre les bonnes d\u00e9cisions. Le coaching syst\u00e9mique offre un cadre s\u00e9curisant pour traverser des situations complexes, d\u00e9passer des blocages, renforcer la confiance en soi et apprivoiser ses peurs. Je vous propose un espace d\u2019accompagnement individuel sur mesure, bienveillant et respectueux, con\u00e7u pour vous permettre de vous d\u00e9ployer pleinement. Au&hellip; Lire la suite","og_url":"https:\/\/www.toucheb.com\/index.php\/accompagnement-individuel\/","og_site_name":"Conseil; Facilitation et Formation","article_publisher":"https:\/\/www.facebook.com\/ToucheB.MarinaBouchet\/","article_modified_time":"2026-08-04T09:43:53+00:00","og_image":[{"width":2304,"height":1536,"url":"https:\/\/www.toucheb.com\/wp-content\/uploads\/2025\/10\/P1179632.jpg","type":"image\/jpeg"}],"twitter_card":"summary_large_image","twitter_misc":{"Dur\u00e9e de lecture estim\u00e9e":"6 minutes"},"schema":{"@context":"https:\/\/schema.org","@graph":[{"@type":"WebPage","@id":"https:\/\/www.toucheb.com\/index.php\/accompagnement-individuel\/","url":"https:\/\/www.toucheb.com\/index.php\/accompagnement-individuel\/","name":"Coaching syst\u00e9mique - Conseil; Facilitation et Formation","isPartOf":{"@id":"https:\/\/www.toucheb.com\/#website"},"primaryImageOfPage":{"@id":"https:\/\/www.toucheb.com\/index.php\/accompagnement-individuel\/#primaryimage"},"image":{"@id":"https:\/\/www.toucheb.com\/index.php\/accompagnement-individuel\/#primaryimage"},"thumbnailUrl":"https:\/\/www.toucheb.com\/wp-content\/uploads\/2025\/10\/P1179632.jpg","datePublished":"2025-05-13T14:57:48+00:00","dateModified":"2026-08-04T09:43:53+00:00","breadcrumb":{"@id":"https:\/\/www.toucheb.com\/index.php\/accompagnement-individuel\/#breadcrumb"},"inLanguage":"fr-FR","potentialAction":[{"@type":"ReadAction","target":["https:\/\/www.toucheb.com\/index.php\/accompagnement-individuel\/"]}]},{"@type":"ImageObject","inLanguage":"fr-FR","@id":"https:\/\/www.toucheb.com\/index.php\/accompagnement-individuel\/#primaryimage","url":"https:\/\/www.toucheb.com\/wp-content\/uploads\/2025\/10\/P1179632.jpg","contentUrl":"https:\/\/www.toucheb.com\/wp-content\/uploads\/2025\/10\/P1179632.jpg","width":2304,"height":1536},{"@type":"BreadcrumbList","@id":"https:\/\/www.toucheb.com\/index.php\/accompagnement-individuel\/#breadcrumb","itemListElement":[{"@type":"ListItem","position":1,"name":"Accueil","item":"https:\/\/www.toucheb.com\/"},{"@type":"ListItem","position":2,"name":"Coaching syst\u00e9mique"}]},{"@type":"WebSite","@id":"https:\/\/www.toucheb.com\/#website","url":"https:\/\/www.toucheb.com\/","name":"Organisme de formation et Conseil en Organisation","description":"Prenez le temps de d\u00e9velopper vos talents","publisher":{"@id":"https:\/\/www.toucheb.com\/#organization"},"potentialAction":[{"@type":"SearchAction","target":{"@type":"EntryPoint","urlTemplate":"https:\/\/www.toucheb.com\/?s={search_term_string}"},"query-input":{"@type":"PropertyValueSpecification","valueRequired":true,"valueName":"search_term_string"}}],"inLanguage":"fr-FR"},{"@type":"Organization","@id":"https:\/\/www.toucheb.com\/#organization","name":"TOUCHE B Consulting","url":"https:\/\/www.toucheb.com\/","logo":{"@type":"ImageObject","inLanguage":"fr-FR","@id":"https:\/\/www.toucheb.com\/#\/schema\/logo\/image\/","url":"https:\/\/www.toucheb.com\/wp-content\/uploads\/2019\/07\/cropped-Logo_touche-B_RVB-3.jpg","contentUrl":"https:\/\/www.toucheb.com\/wp-content\/uploads\/2019\/07\/cropped-Logo_touche-B_RVB-3.jpg","width":604,"height":202,"caption":"TOUCHE B Consulting"},"image":{"@id":"https:\/\/www.toucheb.com\/#\/schema\/logo\/image\/"},"sameAs":["https:\/\/www.facebook.com\/ToucheB.MarinaBouchet\/"]}]}},"_links":{"self":[{"href":"https:\/\/www.toucheb.com\/index.php\/wp-json\/wp\/v2\/pages\/1252","targetHints":{"allow":["GET"]}}],"collection":[{"href":"https:\/\/www.toucheb.com\/index.php\/wp-json\/wp\/v2\/pages"}],"about":[{"href":"https:\/\/www.toucheb.com\/index.php\/wp-json\/wp\/v2\/types\/page"}],"author":[{"embeddable":true,"href":"https:\/\/www.toucheb.com\/index.php\/wp-json\/wp\/v2\/users\/1"}],"replies":[{"embeddable":true,"href":"https:\/\/www.toucheb.com\/index.php\/wp-json\/wp\/v2\/comments?post=1252"}],"version-history":[{"count":118,"href":"https:\/\/www.toucheb.com\/index.php\/wp-json\/wp\/v2\/pages\/1252\/revisions"}],"predecessor-version":[{"id":1997,"href":"https:\/\/www.toucheb.com\/index.php\/wp-json\/wp\/v2\/pages\/1252\/revisions\/1997"}],"wp:featuredmedia":[{"embeddable":true,"href":"https:\/\/www.toucheb.com\/index.php\/wp-json\/wp\/v2\/media\/1536"}],"wp:attachment":[{"href":"https:\/\/www.toucheb.com\/index.php\/wp-json\/wp\/v2\/media?parent=1252"}],"curies":[{"name":"wp","href":"https:\/\/api.w.org\/{rel}","templated":true}]}}